     {"id":22,"date":"2014-02-26T12:50:20","date_gmt":"2014-02-26T12:50:20","guid":{"rendered":"http:\/\/localhost\/meg\/?page_id=6"},"modified":"2019-03-29T16:43:32","modified_gmt":"2019-03-29T13:43:32","slug":"ana-sayfa","status":"publish","type":"page","link":"https:\/\/www.altid.org.tr\/en\/","title":{"rendered":"Home page"},"content":{"rendered":"<div id=\"aq-template-wrapper-176\" class=\"aq-template-wrapper aq_row\">\n<div id=\"aq-block-176-1\" class=\"aq-block aq-block-home_large_hotel_below_list aq_span12 aq-first clearfix\">\n<div class=\"widget lbi-widget post_list_medium_widget builder_belowpost color-8 altid-anasayfa-genel\">\n<div class=\"widget-title\">\n<h2>Hotels<\/h2>\n<p>                    <span><a href=\"https:\/\/www.altid.org.tr\/en\/oteller\/\">All Hotels<\/a><\/span>                <\/div>\n<div class=\"widget_container\">\n<div class=\"post_list_medium\">\n<div class=\"post_list_medium_widget\">\n<div class=\"feature-post-list list-post-builder loop-post-content list-with-below-grid appear_animation\">\n<div class=\"image_post feature-item grid_below_image\">\n                                    <a href=\"https:\/\/www.altid.org.tr\/en\/oteller\/ark-apart\/\" class=\"feature-link\" title=\"Ark Apart\"><br \/>\n                                    <img loading=\"lazy\" decoding=\"async\" width=\"400\" height=\"260\" src=\"https:\/\/www.altid.org.tr\/wp-content\/uploads\/2018\/07\/ark-hotel-d-genel-gorunum-81-400x260.jpg\" class=\"attachment-medium-feature size-medium-feature wp-post-image\" alt=\"\" \/>                                    <\/a>\n                                <\/div>\n<div class=\"post_loop_content\">\n<div class=\"meta_holder\">\n                                                                                <span class=\"love_this_post_meta\"><a href=\"#\" class=\"jm-post-like\" data-post_id=\"467\" title=\"Like\"><i class=\"fa fa-heart-o\"><\/i>1<\/a><\/span>                                    <\/div>\n<h3 class=\"image-post-title feature_2col\"><a href=\"https:\/\/www.altid.org.tr\/en\/oteller\/ark-apart\/\">Ark Apart<\/a><\/h3>\n<p class=\"post-meta meta-main-img\">\n                                            <span class=\"post-date\"><i class=\"fa fa-map-marker\"><\/i><a class=\"post-category-color-text\" style=\"color:\" href=\"https:\/\/www.altid.org.tr\/en\/otel-bolgesi\/merkez\/\">Centre<\/a><\/span>                                        <\/p>\n<p class=\"post_des\">\n                                        <span class=\"hotel-location\">Kad\u0131pa\u015fa Mh. Keykubad Bulv.<\/span><br \/>\n                                        <span><a target=\"_blank\" href=\"\/\/www.arkhotel.com.tr\">www.arkhotel.com.tr<\/a><i class=\"fa fa-external-link\" style=\"margin: 4px 0 0 4px;\"><\/i><\/span><\/p>\n<div><i class=\"fa fa-phone-square\" style=\"margin: 5px 5px 0 0;\"><\/i><span><a href=\"tel:902425223621\">+90 242 522 36 21<\/a><\/span><\/div>\n<div><i class=\"fa fa-fax\" style=\"margin: 5px 5px 0 0;\"><\/i><span>+90 242 522 36 22<\/span><\/div>\n<\/p><\/div>\n<\/p><\/div>\n<p> <!-- feature-post-list  -->\n                        <\/div>\n<p> <!-- post_list_medium_widget --><\/p>\n<div class=\"clear margin-buttons\"><\/div>\n<ul class=\"feature-post-list large_list_bellow\">\n<li class=\"large_list_left appear_animation\">\n                                <a href=\"https:\/\/www.altid.org.tr\/en\/oteller\/ananas\/\" class=\"feature-image-link image_post\" title=\"Ananas\"><br \/>\n                                    <img loading=\"lazy\" decoding=\"async\" width=\"100\" height=\"75\" src=\"https:\/\/www.altid.org.tr\/wp-content\/uploads\/2018\/07\/ananas-bye_0188-copy-100x75.jpg\" class=\"attachment-small-feature size-small-feature wp-post-image\" alt=\"\" \/>                                <\/a><\/p>\n<div class=\"item-details\">\n<h3 class=\"feature-post-title\"><a href=\"https:\/\/www.altid.org.tr\/en\/oteller\/ananas\/\">Ananas<\/a><\/h3>\n<p class=\"post-meta meta-main-img\">\n                                            <span class=\"post-date\"><i class=\"fa fa-map-marker\"><\/i><a class=\"post-category-color-text\" style=\"color:\" href=\"https:\/\/www.altid.org.tr\/en\/otel-bolgesi\/merkez\/\">Centre<\/a><\/span>                                        <\/p>\n<\/p><\/div>\n<div class=\"clearfix\"><\/div>\n<\/li>\n<li class=\"large_list_right appear_animation\">\n                                <a href=\"https:\/\/www.altid.org.tr\/en\/oteller\/green-garden-apart\/\" class=\"feature-image-link image_post\" title=\"Green Garden Apart\"><br \/>\n                                    <img loading=\"lazy\" decoding=\"async\" width=\"100\" height=\"75\" src=\"https:\/\/www.altid.org.tr\/wp-content\/uploads\/2018\/07\/green-garden-apart-hotel-100x75.jpg\" class=\"attachment-small-feature size-small-feature wp-post-image\" alt=\"\" \/>                                <\/a><\/p>\n<div class=\"item-details\">\n<h3 class=\"feature-post-title\"><a href=\"https:\/\/www.altid.org.tr\/en\/oteller\/green-garden-apart\/\">Green Garden Apart<\/a><\/h3>\n<p class=\"post-meta meta-main-img\">\n                                            <span class=\"post-date\"><i class=\"fa fa-map-marker\"><\/i><a class=\"post-category-color-text\" style=\"color:\" href=\"https:\/\/www.altid.org.tr\/en\/otel-bolgesi\/oba\/\">Oba<\/a><\/span>                                        <\/p>\n<\/p><\/div>\n<div class=\"clearfix\"><\/div>\n<\/li>\n<div class=\"clearfix\"><\/div>\n<li class=\"large_list_left appear_animation\">\n                                <a href=\"https:\/\/www.altid.org.tr\/en\/oteller\/kleopatra-blue-hawai\/\" class=\"feature-image-link image_post\" title=\"Kleopatra Blue Hawai\"><br \/>\n                                    <img loading=\"lazy\" decoding=\"async\" width=\"100\" height=\"75\" src=\"https:\/\/www.altid.org.tr\/wp-content\/uploads\/2018\/07\/kleopatra-blue-hawai-100x75.jpg\" class=\"attachment-small-feature size-small-feature wp-post-image\" alt=\"\" \/>                                <\/a><\/p>\n<div class=\"item-details\">\n<h3 class=\"feature-post-title\"><a href=\"https:\/\/www.altid.org.tr\/en\/oteller\/kleopatra-blue-hawai\/\">Kleopatra Blue Hawai<\/a><\/h3>\n<p class=\"post-meta meta-main-img\">\n                                            <span class=\"post-date\"><i class=\"fa fa-map-marker\"><\/i><a class=\"post-category-color-text\" style=\"color:\" href=\"https:\/\/www.altid.org.tr\/en\/otel-bolgesi\/kleopatra-plaji\/\">Cleopatra Beach<\/a>, <a class=\"post-category-color-text\" style=\"color:\" href=\"https:\/\/www.altid.org.tr\/en\/otel-bolgesi\/merkez\/\">Centre<\/a><\/span>                                        <\/p>\n<\/p><\/div>\n<div class=\"clearfix\"><\/div>\n<\/li>\n<li class=\"large_list_right appear_animation\">\n                                <a href=\"https:\/\/www.altid.org.tr\/en\/oteller\/white-city-resort\/\" class=\"feature-image-link image_post\" title=\"White City Resort\"><br \/>\n                                    <img loading=\"lazy\" decoding=\"async\" width=\"100\" height=\"75\" src=\"https:\/\/www.altid.org.tr\/wp-content\/uploads\/2018\/07\/white-city-resort-hotel-foto-a1-1-min-1-100x75.jpg\" class=\"attachment-small-feature size-small-feature wp-post-image\" alt=\"\" \/>                                <\/a><\/p>\n<div class=\"item-details\">\n<h3 class=\"feature-post-title\"><a href=\"https:\/\/www.altid.org.tr\/en\/oteller\/white-city-resort\/\">White City Resort<\/a><\/h3>\n<p class=\"post-meta meta-main-img\">\n                                            <span class=\"post-date\"><i class=\"fa fa-map-marker\"><\/i><a class=\"post-category-color-text\" style=\"color:\" href=\"https:\/\/www.altid.org.tr\/en\/otel-bolgesi\/turkler\/\">Turkler<\/a><\/span>                                        <\/p>\n<\/p><\/div>\n<div class=\"clearfix\"><\/div>\n<\/li>\n<div class=\"clearfix\"><\/div>\n<li class=\"large_list_left appear_animation\">\n                                <a href=\"https:\/\/www.altid.org.tr\/en\/oteller\/green-garden-residence-apart\/\" class=\"feature-image-link image_post\" title=\"Green Garden Residence Apart\"><br \/>\n                                    <img loading=\"lazy\" decoding=\"async\" width=\"100\" height=\"75\" src=\"https:\/\/www.altid.org.tr\/wp-content\/uploads\/2018\/07\/green-garden-residencesuites-hotel-100x75.jpg\" class=\"attachment-small-feature size-small-feature wp-post-image\" alt=\"\" \/>                                <\/a><\/p>\n<div class=\"item-details\">\n<h3 class=\"feature-post-title\"><a href=\"https:\/\/www.altid.org.tr\/en\/oteller\/green-garden-residence-apart\/\">Green Garden Residence Apart<\/a><\/h3>\n<p class=\"post-meta meta-main-img\">\n                                            <span class=\"post-date\"><i class=\"fa fa-map-marker\"><\/i><a class=\"post-category-color-text\" style=\"color:\" href=\"https:\/\/www.altid.org.tr\/en\/otel-bolgesi\/oba\/\">Oba<\/a><\/span>                                        <\/p>\n<\/p><\/div>\n<div class=\"clearfix\"><\/div>\n<\/li>\n<li class=\"large_list_right appear_animation\">\n                                <a href=\"https:\/\/www.altid.org.tr\/en\/oteller\/remi\/\" class=\"feature-image-link image_post\" title=\"Remi\"><br \/>\n                                    <img loading=\"lazy\" decoding=\"async\" width=\"100\" height=\"75\" src=\"https:\/\/www.altid.org.tr\/wp-content\/uploads\/2018\/07\/remi-5-pool-kopya-2-kopya-100x75.jpg\" class=\"attachment-small-feature size-small-feature wp-post-image\" alt=\"\" \/>                                <\/a><\/p>\n<div class=\"item-details\">\n<h3 class=\"feature-post-title\"><a href=\"https:\/\/www.altid.org.tr\/en\/oteller\/remi\/\">Remi<\/a><\/h3>\n<p class=\"post-meta meta-main-img\">\n                                            <span class=\"post-date\"><i class=\"fa fa-map-marker\"><\/i><a class=\"post-category-color-text\" style=\"color:\" href=\"https:\/\/www.altid.org.tr\/en\/otel-bolgesi\/kleopatra-plaji\/\">Cleopatra Beach<\/a>, <a class=\"post-category-color-text\" style=\"color:\" href=\"https:\/\/www.altid.org.tr\/en\/otel-bolgesi\/merkez\/\">Centre<\/a><\/span>                                        <\/p>\n<\/p><\/div>\n<div class=\"clearfix\"><\/div>\n<\/li>\n<div class=\"clearfix\"><\/div>\n<\/ul><\/div>\n<p> <!-- post_list_medium -->\n            <\/div>\n<p> <!-- widget_container -->\n        <\/div>\n<p> <!-- widget -->\n        <\/div>\n<div id=\"aq-block-176-2\" class=\"aq-block aq-block-home_post_below_list aq_span12 aq-first clearfix\">\n<div class=\"widget post_list_medium_widget grid_below_list color-5 altid-anasayfa-hakkinda\">\n<div class=\"widget-title\">\n<h2>Sector News<\/h2>\n<\/div>\n<div class=\"widget_container\">\n<div class=\"post_list_medium\">\n<div class=\"post_list_medium_widget\">\n<div class=\"feature-post-list list-post-builder loop-post-content list-with-below-grid appear_animation\">\n<div class=\"image_post feature-item grid_below_image\">\n                 <a href=\"https:\/\/www.altid.org.tr\/en\/genel\/alanya-belediyesi-2025-2029-stratejik-plani-icin-dis-paydas-analizleri-toplantisi-yapildi\/\" class=\"feature-link\" title=\"Alanya Belediyesi 2025-2029 Stratejik Plan\u0131 \u0130\u00e7in D\u0131\u015f Payda\u015f Analizleri Toplant\u0131s\u0131 Yap\u0131ld\u0131\"><br \/>\n<img loading=\"lazy\" decoding=\"async\" width=\"400\" height=\"260\" src=\"https:\/\/www.altid.org.tr\/wp-content\/uploads\/2024\/06\/alanya-400x260.png\" class=\"attachment-medium-feature size-medium-feature wp-post-image\" alt=\"\" \/><br \/>\n<\/a>\n                     <\/div>\n<div class=\"post_loop_content\">\n<div class=\"meta_holder\">\n<span class=\"meta-category-small\"><a class=\"post-category-color-text\" style=\"color:#\" href=\"https:\/\/www.altid.org.tr\/en\/konu\/genel\/\">General<\/a><\/span><span class=\"love_this_post_meta\"><a href=\"#\" class=\"jm-post-like\" data-post_id=\"19163\" title=\"Like\"><i class=\"fa fa-heart-o\"><\/i>0<\/a><\/span><\/div>\n<h3 class=\"image-post-title feature_2col\"><a href=\"https:\/\/www.altid.org.tr\/en\/genel\/alanya-belediyesi-2025-2029-stratejik-plani-icin-dis-paydas-analizleri-toplantisi-yapildi\/\">Alanya Belediyesi 2025-2029 Stratejik Plan\u0131 \u0130\u00e7in D\u0131\u015f Payda\u015f Analizleri Toplant\u0131s\u0131 Yap\u0131ld\u0131<\/a><\/h3>\n<p class=\"post-meta meta-main-img\"><span class=\"post-date\"><i class=\"fa fa-clock-o\"><\/i>Jul 21, 2024<\/span><\/p>\n<p class=\"post_des\">Sorry, this entry is only available in Turkish. <\/p>\n<p><a class=\"more_button_post\" href=\"https:\/\/www.altid.org.tr\/en\/genel\/alanya-belediyesi-2025-2029-stratejik-plani-icin-dis-paydas-analizleri-toplantisi-yapildi\/\">Read More<\/a>\n<\/div>\n<\/p><\/div>\n<\/p><\/div>\n<div class=\"grid_3 grid margin2 appear_animation\">\n<div class=\"image_post feature-item box-1\">\n                    <a  href=\"https:\/\/www.altid.org.tr\/en\/genel\/2024-alanya-tesis-doluluk-oranlari\/\"  class=\"feature-link\" title=\"ALANYA HOTEL OCCUPANCY RATES IN 2024\"><br \/>\n<img loading=\"lazy\" decoding=\"async\" width=\"250\" height=\"242\" src=\"https:\/\/www.altid.org.tr\/wp-content\/uploads\/2024\/03\/istatistik-2-250x242.png\" class=\"attachment-feature-grid size-feature-grid wp-post-image\" alt=\"\" \/><\/a><\/p>\n<div class=\"caption-overlay\">\n<div class=\"hold_category_post_type\">\n  \t\t\t        <\/div>\n<p>                    <a href=\"https:\/\/www.altid.org.tr\/en\/genel\/2024-alanya-tesis-doluluk-oranlari\/\" title=\"ALANYA HOTEL OCCUPANCY RATES IN 2024\" class=\"inside\"><\/p>\n<h3>ALANYA HOTEL OCCUPANCY RATES IN 2024<\/h3>\n<p>                    <\/a><\/p><\/div>\n<\/p><\/div>\n<\/p><\/div>\n<div class=\"grid_3 grid margin3 appear_animation\">\n<div class=\"image_post feature-item box-1\">\n                    <a  href=\"https:\/\/www.altid.org.tr\/en\/genel\/antalyayi-en-cok-ruslar-ziyaret-etti\/\"  class=\"feature-link\" title=\"ANTALYA VISITOR NUMBERS\"><br \/>\n<img loading=\"lazy\" decoding=\"async\" width=\"250\" height=\"242\" src=\"https:\/\/www.altid.org.tr\/wp-content\/uploads\/2024\/03\/istatistik-1-250x242.png\" class=\"attachment-feature-grid size-feature-grid wp-post-image\" alt=\"\" \/><\/a><\/p>\n<div class=\"caption-overlay\">\n<div class=\"hold_category_post_type\">\n  \t\t\t        <\/div>\n<p>                    <a href=\"https:\/\/www.altid.org.tr\/en\/genel\/antalyayi-en-cok-ruslar-ziyaret-etti\/\" title=\"ANTALYA VISITOR NUMBERS\" class=\"inside\"><\/p>\n<h3>ANTALYA VISITOR NUMBERS<\/h3>\n<p>                    <\/a><\/p><\/div>\n<\/p><\/div>\n<\/p><\/div>\n<div class=\"grid_3 grid margin4 appear_animation\">\n<div class=\"image_post feature-item box-1\">\n                    <a  href=\"https:\/\/www.altid.org.tr\/en\/genel\/turkiyeye-gelen-yabanci-ziyaretci-sayilari-aciklandi\/\"  class=\"feature-link\" title=\"NUMBER OF FOREIGN VISITORS TO TURKEY ANNOUNCED\"><br \/>\n<img loading=\"lazy\" decoding=\"async\" width=\"250\" height=\"242\" src=\"https:\/\/www.altid.org.tr\/wp-content\/uploads\/2024\/03\/istatistik-3-250x242.png\" class=\"attachment-feature-grid size-feature-grid wp-post-image\" alt=\"\" \/><\/a><\/p>\n<div class=\"caption-overlay\">\n<div class=\"hold_category_post_type\">\n  \t\t\t        <\/div>\n<p>                    <a href=\"https:\/\/www.altid.org.tr\/en\/genel\/turkiyeye-gelen-yabanci-ziyaretci-sayilari-aciklandi\/\" title=\"NUMBER OF FOREIGN VISITORS TO TURKEY ANNOUNCED\" class=\"inside\"><\/p>\n<h3>NUMBER OF FOREIGN VISITORS TO TURKEY ANNOUNCED<\/h3>\n<p>                    <\/a><\/p><\/div>\n<\/p><\/div>\n<\/p><\/div>\n<div class=\"grid_3 grid margin5 appear_animation\">\n<div class=\"image_post feature-item box-1\">\n                    <a  href=\"https:\/\/www.altid.org.tr\/en\/sektorel\/tga-toplantisi-yapildi\/\"  class=\"feature-link\" title=\"TGA Meeting Conducted\"><br \/>\n<img loading=\"lazy\" decoding=\"async\" width=\"250\" height=\"242\" src=\"https:\/\/www.altid.org.tr\/wp-content\/uploads\/2022\/12\/whatsapp-image-2022-12-02-at-15-59-06-250x242.jpeg\" class=\"attachment-feature-grid size-feature-grid wp-post-image\" alt=\"\" \/><\/a><\/p>\n<div class=\"caption-overlay\">\n<div class=\"hold_category_post_type\">\n  \t\t\t        <\/div>\n<p>                    <a href=\"https:\/\/www.altid.org.tr\/en\/sektorel\/tga-toplantisi-yapildi\/\" title=\"TGA Meeting Conducted\" class=\"inside\"><\/p>\n<h3>TGA Meeting Conducted<\/h3>\n<p>                    <\/a><\/p><\/div>\n<\/p><\/div>\n<\/p><\/div>\n<\/p><\/div>\n<\/p><\/div>\n<\/p><\/div>\n<\/p><\/div>\n<div id=\"aq-block-176-3\" class=\"aq-block aq-block-home_large_post_below_list aq_span12 aq-first clearfix\">\n<div class=\"widget post_list_medium_widget builder_belowpost color-8 altid-anasayfa-genel\">\n<div class=\"widget-title\">\n<h2>Genel Haberler<\/h2>\n<\/div>\n<div class=\"widget_container\">\n<div class=\"post_list_medium\">\n<div class=\"post_list_medium_widget\">\n<div class=\"feature-post-list list-post-builder loop-post-content list-with-below-grid appear_animation\">\n<div class=\"image_post feature-item grid_below_image\">\n                 <a href=\"https:\/\/www.altid.org.tr\/en\/tanitim\/19-alanya-uluslararasi-caz-festivali-basliyor\/\" class=\"feature-link\" title=\"(Turkish) 19. Alanya Uluslararas\u0131 Caz Festivali Ba\u015fl\u0131yor\"><br \/>\n<img loading=\"lazy\" decoding=\"async\" width=\"400\" height=\"260\" src=\"https:\/\/www.altid.org.tr\/wp-content\/uploads\/2024\/09\/unnamed-400x260.jpg\" class=\"attachment-medium-feature size-medium-feature wp-post-image\" alt=\"\" \/><\/a>\n                     <\/div>\n<div class=\"post_loop_content\">\n<div class=\"meta_holder\">\n<span class=\"meta-category-small\"><a class=\"post-category-color-text\" style=\"color:#\" href=\"https:\/\/www.altid.org.tr\/en\/konu\/tanitim\/\">Publicity<\/a><\/span><span class=\"love_this_post_meta\"><a href=\"#\" class=\"jm-post-like\" data-post_id=\"19228\" title=\"Like\"><i class=\"fa fa-heart-o\"><\/i>1<\/a><\/span><\/div>\n<h3 class=\"image-post-title feature_2col\"><a href=\"https:\/\/www.altid.org.tr\/en\/tanitim\/19-alanya-uluslararasi-caz-festivali-basliyor\/\">(Turkish) 19. Alanya Uluslararas\u0131 Caz Festivali Ba\u015fl\u0131yor<\/a><\/h3>\n<p class=\"post-meta meta-main-img\"><span class=\"post-date\"><i class=\"fa fa-clock-o\"><\/i>Sep 12, 2024<\/span><\/p>\n<p class=\"post_des\">Sorry, this entry is only available in Turkish. <\/p>\n<p><a class=\"more_button_post\" href=\"https:\/\/www.altid.org.tr\/en\/tanitim\/19-alanya-uluslararasi-caz-festivali-basliyor\/\">Read More<\/a>\n<\/div>\n<\/p><\/div>\n<\/p><\/div>\n<div class=\"clear margin-buttons\"><\/div>\n<ul class=\"feature-post-list large_list_bellow\">\n<li class=\"large_list_left appear_animation\">\n<a  href=\"https:\/\/www.altid.org.tr\/en\/tanitim\/alanyada-en-iyi-fotograflar-odullendirildi\/\" class=\"feature-image-link image_post\" title=\"(Turkish) Alanya&#8217;da En \u0130yi Foto\u011fraflar \u00d6d\u00fcllendirildi\"><br \/>\n<img loading=\"lazy\" decoding=\"async\" width=\"100\" height=\"75\" src=\"https:\/\/www.altid.org.tr\/wp-content\/uploads\/2024\/07\/1-6-min-100x75.jpg\" class=\"attachment-small-feature size-small-feature wp-post-image\" alt=\"\" \/><\/a><\/p>\n<div class=\"item-details\">\n      <span class=\"meta-category-small\"><a class=\"post-category-color-text\" style=\"color:#\" href=\"https:\/\/www.altid.org.tr\/en\/konu\/tanitim\/\">Publicity<\/a><\/span><\/p>\n<h3 class=\"feature-post-title\"><a href=\"https:\/\/www.altid.org.tr\/en\/tanitim\/alanyada-en-iyi-fotograflar-odullendirildi\/\">(Turkish) Alanya&#8217;da En \u0130yi Foto\u011fraflar \u00d6d\u00fcllendirildi<\/a><\/h3>\n<p class=\"post-meta meta-main-img\"><span class=\"post-date\"><i class=\"fa fa-clock-o\"><\/i>Jul 18, 2024<\/span><\/p>\n<\/p><\/div>\n<div class=\"clearfix\"><\/div>\n<\/li>\n<li class=\"large_list_right appear_animation\">\n<a  href=\"https:\/\/www.altid.org.tr\/en\/tanitim\/alanyada-1-temmuz-fotograf-yarismasi-sonuclandi\/\" class=\"feature-image-link image_post\" title=\"Alanya&#8217;s July 1st Photography Contest Results Announced\"><br \/>\n<img loading=\"lazy\" decoding=\"async\" width=\"100\" height=\"75\" src=\"https:\/\/www.altid.org.tr\/wp-content\/uploads\/2024\/07\/selman-korkmaz-1-100x75.jpg\" class=\"attachment-small-feature size-small-feature wp-post-image\" alt=\"\" \/><\/a><\/p>\n<div class=\"item-details\">\n      <span class=\"meta-category-small\"><a class=\"post-category-color-text\" style=\"color:#\" href=\"https:\/\/www.altid.org.tr\/en\/konu\/tanitim\/\">Publicity<\/a><\/span><\/p>\n<h3 class=\"feature-post-title\"><a href=\"https:\/\/www.altid.org.tr\/en\/tanitim\/alanyada-1-temmuz-fotograf-yarismasi-sonuclandi\/\">Alanya&#8217;s July 1st Photography Contest Results Announced<\/a><\/h3>\n<p class=\"post-meta meta-main-img\"><span class=\"post-date\"><i class=\"fa fa-clock-o\"><\/i>Jul 05, 2024<\/span><\/p>\n<\/p><\/div>\n<div class=\"clearfix\"><\/div>\n<\/li>\n<div class=\"clearfix\"><\/div>\n<li class=\"large_list_left appear_animation\">\n<a  href=\"https:\/\/www.altid.org.tr\/en\/tanitim\/alanyada-kabotaj-bayrami-coskuyla-kutlandi\/\" class=\"feature-image-link image_post\" title=\"Celebration of Maritime and Cabotage Day in Alanya with Enthusiasm\"><br \/>\n<img loading=\"lazy\" decoding=\"async\" width=\"100\" height=\"75\" src=\"https:\/\/www.altid.org.tr\/wp-content\/uploads\/2024\/07\/2-4-100x75.jpg\" class=\"attachment-small-feature size-small-feature wp-post-image\" alt=\"\" srcset=\"https:\/\/www.altid.org.tr\/wp-content\/uploads\/2024\/07\/2-4-100x75.jpg 100w, https:\/\/www.altid.org.tr\/wp-content\/uploads\/2024\/07\/2-4-300x225.jpg 300w, https:\/\/www.altid.org.tr\/wp-content\/uploads\/2024\/07\/2-4-1024x768.jpg 1024w, https:\/\/www.altid.org.tr\/wp-content\/uploads\/2024\/07\/2-4-768x576.jpg 768w, https:\/\/www.altid.org.tr\/wp-content\/uploads\/2024\/07\/2-4-1536x1152.jpg 1536w, https:\/\/www.altid.org.tr\/wp-content\/uploads\/2024\/07\/2-4-2048x1536.jpg 2048w\" sizes=\"auto, (max-width: 100px) 100vw, 100px\" \/><\/a><\/p>\n<div class=\"item-details\">\n      <span class=\"meta-category-small\"><a class=\"post-category-color-text\" style=\"color:#\" href=\"https:\/\/www.altid.org.tr\/en\/konu\/tanitim\/\">Publicity<\/a><\/span><\/p>\n<h3 class=\"feature-post-title\"><a href=\"https:\/\/www.altid.org.tr\/en\/tanitim\/alanyada-kabotaj-bayrami-coskuyla-kutlandi\/\">Celebration of Maritime and Cabotage Day in Alanya with Enthusiasm<\/a><\/h3>\n<p class=\"post-meta meta-main-img\"><span class=\"post-date\"><i class=\"fa fa-clock-o\"><\/i>Jul 02, 2024<\/span><\/p>\n<\/p><\/div>\n<div class=\"clearfix\"><\/div>\n<\/li>\n<li class=\"large_list_right appear_animation\">\n<a  href=\"https:\/\/www.altid.org.tr\/en\/tanitim\/altavdan-kizilkule-konserlerine-davet\/\" class=\"feature-image-link image_post\" title=\"Invitation to Kizilkule Concerts by ALTAV\"><br \/>\n<img loading=\"lazy\" decoding=\"async\" width=\"100\" height=\"75\" src=\"https:\/\/www.altid.org.tr\/wp-content\/uploads\/2024\/07\/ekran-goruntusu-2024-07-01-120654-100x75.png\" class=\"attachment-small-feature size-small-feature wp-post-image\" alt=\"\" srcset=\"https:\/\/www.altid.org.tr\/wp-content\/uploads\/2024\/07\/ekran-goruntusu-2024-07-01-120654-100x75.png 100w, https:\/\/www.altid.org.tr\/wp-content\/uploads\/2024\/07\/ekran-goruntusu-2024-07-01-120654-300x225.png 300w, https:\/\/www.altid.org.tr\/wp-content\/uploads\/2024\/07\/ekran-goruntusu-2024-07-01-120654-768x577.png 768w, https:\/\/www.altid.org.tr\/wp-content\/uploads\/2024\/07\/ekran-goruntusu-2024-07-01-120654.png 924w\" sizes=\"auto, (max-width: 100px) 100vw, 100px\" \/><\/a><\/p>\n<div class=\"item-details\">\n      <span class=\"meta-category-small\"><a class=\"post-category-color-text\" style=\"color:#\" href=\"https:\/\/www.altid.org.tr\/en\/konu\/tanitim\/\">Publicity<\/a><\/span><\/p>\n<h3 class=\"feature-post-title\"><a href=\"https:\/\/www.altid.org.tr\/en\/tanitim\/altavdan-kizilkule-konserlerine-davet\/\">Invitation to Kizilkule Concerts by ALTAV<\/a><\/h3>\n<p class=\"post-meta meta-main-img\"><span class=\"post-date\"><i class=\"fa fa-clock-o\"><\/i>Jul 01, 2024<\/span><\/p>\n<\/p><\/div>\n<div class=\"clearfix\"><\/div>\n<\/li>\n<div class=\"clearfix\"><\/div>\n<li class=\"large_list_left appear_animation\">\n<a  href=\"https:\/\/www.altid.org.tr\/en\/tanitim\/alanyada-tarihi-kizilkulede-muzik-ziyafeti\/\" class=\"feature-image-link image_post\" title=\"A Musical Feast at the Historic Kizilkule in Alanya\"><br \/>\n<img loading=\"lazy\" decoding=\"async\" width=\"100\" height=\"75\" src=\"https:\/\/www.altid.org.tr\/wp-content\/uploads\/2024\/07\/1-4-100x75.jpg\" class=\"attachment-small-feature size-small-feature wp-post-image\" alt=\"\" srcset=\"https:\/\/www.altid.org.tr\/wp-content\/uploads\/2024\/07\/1-4-100x75.jpg 100w, https:\/\/www.altid.org.tr\/wp-content\/uploads\/2024\/07\/1-4-300x225.jpg 300w, https:\/\/www.altid.org.tr\/wp-content\/uploads\/2024\/07\/1-4-1024x768.jpg 1024w, https:\/\/www.altid.org.tr\/wp-content\/uploads\/2024\/07\/1-4-768x576.jpg 768w, https:\/\/www.altid.org.tr\/wp-content\/uploads\/2024\/07\/1-4-1536x1152.jpg 1536w, https:\/\/www.altid.org.tr\/wp-content\/uploads\/2024\/07\/1-4-2048x1536.jpg 2048w\" sizes=\"auto, (max-width: 100px) 100vw, 100px\" \/><\/a><\/p>\n<div class=\"item-details\">\n      <span class=\"meta-category-small\"><a class=\"post-category-color-text\" style=\"color:#\" href=\"https:\/\/www.altid.org.tr\/en\/konu\/tanitim\/\">Publicity<\/a><\/span><\/p>\n<h3 class=\"feature-post-title\"><a href=\"https:\/\/www.altid.org.tr\/en\/tanitim\/alanyada-tarihi-kizilkulede-muzik-ziyafeti\/\">A Musical Feast at the Historic Kizilkule in Alanya<\/a><\/h3>\n<p class=\"post-meta meta-main-img\"><span class=\"post-date\"><i class=\"fa fa-clock-o\"><\/i>Jul 01, 2024<\/span><\/p>\n<\/p><\/div>\n<div class=\"clearfix\"><\/div>\n<\/li>\n<li class=\"large_list_right appear_animation\">\n<a  href=\"https:\/\/www.altid.org.tr\/en\/tanitim\/ozbek-influencerlarin-rekor-alanya-etkilesim-istatistigi\/\" class=\"feature-image-link image_post\" title=\"Record-Breaking Interaction Statistics of Ozbek Influencers in Alanya\"><br \/>\n<img loading=\"lazy\" decoding=\"async\" width=\"100\" height=\"75\" src=\"https:\/\/www.altid.org.tr\/wp-content\/uploads\/2024\/06\/ekran-goruntusu-2024-06-07-172336-100x75.png\" class=\"attachment-small-feature size-small-feature wp-post-image\" alt=\"\" \/><\/a><\/p>\n<div class=\"item-details\">\n      <span class=\"meta-category-small\"><a class=\"post-category-color-text\" style=\"color:#\" href=\"https:\/\/www.altid.org.tr\/en\/konu\/tanitim\/\">Publicity<\/a><\/span><\/p>\n<h3 class=\"feature-post-title\"><a href=\"https:\/\/www.altid.org.tr\/en\/tanitim\/ozbek-influencerlarin-rekor-alanya-etkilesim-istatistigi\/\">Record-Breaking Interaction Statistics of Ozbek Influencers in Alanya<\/a><\/h3>\n<p class=\"post-meta meta-main-img\"><span class=\"post-date\"><i class=\"fa fa-clock-o\"><\/i>Jun 07, 2024<\/span><\/p>\n<\/p><\/div>\n<div class=\"clearfix\"><\/div>\n<\/li>\n<div class=\"clearfix\"><\/div>\n<\/ul><\/div>\n<\/p><\/div>\n<\/p><\/div>\n<\/p><\/div>\n<div id=\"aq-block-176-4\" class=\"aq-block aq-block-home_info_grid_small aq_span12 aq-first clearfix\">\n<div class=\"widget four-post-style color-9 altid-anasayfa-diger\">\n<div class=\"widget-title\">\n<h2>Alanya<\/h2>\n<\/div>\n<div class=\"widget_container\">\n<div class=\"feature-four-column medium-four-columns appear_animation\">\n<div class=\"image_post feature-item\">\n                   <a  href=\"https:\/\/www.altid.org.tr\/en\/bilgi-hizmetleri\/antalya-ziyaretci-sayilari-2025\/\" class=\"feature-link\" title=\"(Turkish) ANTALYA Z\u0130YARET\u00c7\u0130 SAYILARI 2025\"><br \/>\n<img decoding=\"async\" class=\"no_feature_img\" alt=\"\" src=\"https:\/\/www.altid.org.tr\/wp-content\/themes\/altid\/img\/feature_img\/small-grid.jpg\"><\/a>\n                     <\/div>\n<div class=\"meta_holder\">\n<span class=\"meta-category-small\"><a class=\"post-category-color-text\" style=\"color:#1e73be\" href=\"https:\/\/www.altid.org.tr\/en\/bilgi-hizmet-tipi\/alanya\/\">Alanya<\/a><a class=\"post-category-color-text\" style=\"color:#\" href=\"https:\/\/www.altid.org.tr\/en\/bilgi-hizmet-tipi\/turizm-istatistikleri\/\">Tourism Statistics<\/a><\/span><span class=\"love_this_post_meta\"><a href=\"#\" class=\"jm-post-like\" data-post_id=\"19642\" title=\"Like\"><i class=\"fa fa-heart-o\"><\/i>0<\/a><\/span><\/div>\n<h3 class=\"image-post-title columns_post\"><a href=\"https:\/\/www.altid.org.tr\/en\/bilgi-hizmetleri\/antalya-ziyaretci-sayilari-2025\/\">(Turkish) ANTALYA Z\u0130YARET\u00c7\u0130 SAYILARI 2025<\/a><\/h3>\n<p>Sorry, this entry is only available in Turkish. <\/p>\n<div class=\"footer_meta\"><a href=\"https:\/\/www.altid.org.tr\/en\/bilgi-hizmetleri\/antalya-ziyaretci-sayilari-2025\/\" class=\"footer_meta_readmore\">Read more<\/a><\/div>\n<\/div>\n<div class=\"feature-four-column medium-four-columns appear_animation\">\n<div class=\"image_post feature-item\">\n                   <a  href=\"https:\/\/www.altid.org.tr\/en\/bilgi-hizmetleri\/antalya-ve-gazipasa-havalimanlari-ic-dis-hat-yolcu-sayilari\/\" class=\"feature-link\" title=\"(Turkish) ANTALYA VE GAZ\u0130PA\u015eA HAVAL\u0130MANLARI \u0130\u00c7-DI\u015e HAT YOLCU SAYILARI\"><br \/>\n<img decoding=\"async\" class=\"no_feature_img\" alt=\"\" src=\"https:\/\/www.altid.org.tr\/wp-content\/themes\/altid\/img\/feature_img\/small-grid.jpg\"><\/a>\n                     <\/div>\n<div class=\"meta_holder\">\n<span class=\"meta-category-small\"><a class=\"post-category-color-text\" style=\"color:#1e73be\" href=\"https:\/\/www.altid.org.tr\/en\/bilgi-hizmet-tipi\/alanya\/\">Alanya<\/a><a class=\"post-category-color-text\" style=\"color:\" href=\"https:\/\/www.altid.org.tr\/en\/bilgi-hizmet-tipi\/hakkinda\/\">About<\/a><a class=\"post-category-color-text\" style=\"color:#\" href=\"https:\/\/www.altid.org.tr\/en\/bilgi-hizmet-tipi\/turizm-istatistikleri\/\">Tourism Statistics<\/a><\/span><span class=\"love_this_post_meta\"><a href=\"#\" class=\"jm-post-like\" data-post_id=\"19874\" title=\"Like\"><i class=\"fa fa-heart-o\"><\/i>0<\/a><\/span><\/div>\n<h3 class=\"image-post-title columns_post\"><a href=\"https:\/\/www.altid.org.tr\/en\/bilgi-hizmetleri\/antalya-ve-gazipasa-havalimanlari-ic-dis-hat-yolcu-sayilari\/\">(Turkish) ANTALYA VE GAZ\u0130PA\u015eA HAVAL\u0130MANLARI \u0130\u00c7-DI\u015e HAT YOLCU SAYILARI<\/a><\/h3>\n<p>Sorry, this entry is only available in Turkish. <\/p>\n<div class=\"footer_meta\"><a href=\"https:\/\/www.altid.org.tr\/en\/bilgi-hizmetleri\/antalya-ve-gazipasa-havalimanlari-ic-dis-hat-yolcu-sayilari\/\" class=\"footer_meta_readmore\">Read more<\/a><\/div>\n<\/div><\/div>\n<\/p><\/div>\n<\/p><\/div>\n<div id=\"aq-block-176-5\" class=\"aq-block aq-block-home_widgets_block aq_span12 aq-first clearfix\">\n<div id=\"lbi-banner-3\" class=\"widget lbi-widget lbi-banner\">\n<div class=\"widget-banner  row lbi-row\">\n<ul>\n<li class=\"col-md-6\">\n<figure><a href=\"https:\/\/www.evisa.gov.tr\/en\/\" target=\"_blank\"><img decoding=\"async\" src=\"https:\/\/www.altid.org.tr\/wp-content\/uploads\/2018\/07\/e_vize.jpg\" alt=\"e-Visa\" title=\"e-Visa\"><\/a><\/figure>\n<\/li>\n<li class=\"col-md-6\">\n<figure><a href=\"http:\/\/tourismforall.org.tr\/\" target=\"_blank\"><img decoding=\"async\" src=\"https:\/\/www.altid.org.tr\/wp-content\/uploads\/2018\/07\/tourism_for_all.jpg\" alt=\"Tourism For All\" title=\"Tourism For All\"><\/a><\/figure>\n<\/li>\n<\/ul>\n<\/div>\n<\/div>\n<\/div>\n<\/div>\n","protected":false},"excerpt":{"rendered":"","protected":false},"author":1,"featured_media":14055,"parent":0,"menu_order":0,"comment_status":"open","ping_status":"open","template":"home-page.php","meta":{"footnotes":""},"class_list":["post-22","page","type-page","status-publish","has-post-thumbnail","hentry"],"_links":{"self":[{"href":"https:\/\/www.altid.org.tr\/en\/wp-json\/wp\/v2\/pages\/22","targetHints":{"allow":["GET"]}}],"collection":[{"href":"https:\/\/www.altid.org.tr\/en\/wp-json\/wp\/v2\/pages"}],"about":[{"href":"https:\/\/www.altid.org.tr\/en\/wp-json\/wp\/v2\/types\/page"}],"author":[{"embeddable":true,"href":"https:\/\/www.altid.org.tr\/en\/wp-json\/wp\/v2\/users\/1"}],"replies":[{"embeddable":true,"href":"https:\/\/www.altid.org.tr\/en\/wp-json\/wp\/v2\/comments?post=22"}],"version-history":[{"count":0,"href":"https:\/\/www.altid.org.tr\/en\/wp-json\/wp\/v2\/pages\/22\/revisions"}],"wp:featuredmedia":[{"embeddable":true,"href":"https:\/\/www.altid.org.tr\/en\/wp-json\/wp\/v2\/media\/14055"}],"wp:attachment":[{"href":"https:\/\/www.altid.org.tr\/en\/wp-json\/wp\/v2\/media?parent=22"}],"curies":[{"name":"wp","href":"https:\/\/api.w.org\/{rel}","templated":true}]}}